{"id":3434,"date":"2019-10-28T04:30:22","date_gmt":"2019-10-28T04:30:22","guid":{"rendered":"https:\/\/milanta.net\/producto\/muntanya-vilardell-amb-terra-tres-rampes-una-agora-totem-pedres-i-un-pentagon-de-troncs\/"},"modified":"2025-04-22T14:09:18","modified_gmt":"2025-04-22T12:09:18","slug":"muntanya-amb-reptes-motrius-vilardell","status":"publish","type":"product","link":"https:\/\/milanta.net\/es\/producte\/muntanya-amb-reptes-motrius-vilardell\/","title":{"rendered":"Muntanya amb reptes motrius &#8211; Vilardell"},"content":{"rendered":"<p>Un pati Renaturalitzat vol assemblar-se tant com sigui possible a la natura i&#8230; Oi que a la muntanya la topografia no \u00e9s plana? Doncs en els patis vius&#8230; Tampoc! Per aix\u00f2 ens encanta fer cr\u00e9ixer turons i muntanyes a cada transformaci\u00f3 de pati.<\/p>\n<p>La caracter\u00edtica principal de la Muntanya Vilardell \u00e9s que es\u00a0compon d&#8217;un t\u00f2tem envoltat de sorra, terra, troncs, tres rampes, una \u00e0gora de travesses i un pent\u00e0gon de troncs.<\/p>\n<p>Sempre plantegem aquests desnivells com a elements multipotenciadors. Per un costat, els fem amb terres, sorres i vegetaci\u00f3 per potenciar l&#8217;experimentaci\u00f3, l&#8217;observaci\u00f3 i el contacte amb la natura i, per altre costat, hi integrem diversos reptes motors per afavorir el moviment dels infants, el coneixement del propi cos i l\u00edmits, i l&#8217;autogesti\u00f3 del risc.<\/p>\n<p>Amb els turons trencarem el paisatge pla i crearem una nova realitat al pati! Un pati&#8230; Una porta a la natura!<\/p>\n<p>&#8212;<\/p>\n<p>El muntatge no est\u00e0 incl\u00f2s en el preu.<\/p>\n<p>Troncs amb cantons fresats, tallats de diferents mides per a l\u2019articulaci\u00f3 de l\u2019espai, per a propostes de joc a l&#8217;exterior, etc.<\/p>\n<p>Aquest material did\u00e0ctic t\u00e9 unes caracter\u00edstiques, com la textura i els acabats arrodonits, interessants pel desenvolupament dels infants, per\u00f2 que requereix m\u00e9s atenci\u00f3 a l&#8217;hora de manipular-lo, aix\u00ed com una responsabilitat major per evitar-ne els mals usos, ja que no \u00e9s una joguina amb funcionalitats definides.<\/p>\n<p>Podem fer a MIDA.<\/p>\n<p>&#8220;Mai hi ha dos troncs id\u00e8ntics, la fusta \u00e9s un material que s&#8217;altera amb el temps,\u00a0 les seves formes s\u00f3n irregulars i els muntatges mai queden igual que a les fotos. Les esquerdes a la fusta formen part de la natura viva del material, si s\u00f3n de menys de 8mm no us heu de preocupar. Aplicar anualment un nutrient com l&#8217;oli de llinosa ajuda a mantenir la fusta en bones condicions durant molts anys. Truqueu-nos si teniu algun dubte o necessiteu ajuda pel manteniment&#8221;<\/p>\n","protected":false},"excerpt":{"rendered":"<p>Es compon d&#8217;un t\u00f2tem envoltat de sorra, terra, troncs, tres rampes, una \u00e0gora de travesses i un pent\u00e0gon de troncs.<\/p>\n","protected":false},"featured_media":3429,"template":"","meta":[],"product_brand":[],"product_cat":[117,838],"product_tag":[737],"ubicacion-del-mobiliario":[821],"class_list":{"0":"post-3434","1":"product","2":"type-product","3":"status-publish","4":"has-post-thumbnail","6":"product_cat-exterior-pati-i-jardi","7":"product_cat-turons","8":"product_tag-agores","9":"ubicacion-del-mobiliario-exterior","11":"first","12":"instock","13":"taxable","14":"shipping-taxable","15":"purchasable","16":"product-type-simple"},"yoast_head":"<!-- This site is optimized with the Yoast SEO Premium plugin v21.6 (Yoast SEO v27.3) - https:\/\/yoast.com\/product\/yoast-seo-premium-wordpress\/ -->\n<title>Muntanya amb reptes motrius - Vilardell - Milanta<\/title>\n<meta name=\"description\" content=\"La Muntanya Vilardell es\u00a0compon d&#039;un t\u00f2tem envoltat de sorra, terra, troncs, tres rampes, una \u00e0gora de travesses i un pent\u00e0gon de troncs.\" \/>\n<meta name=\"robots\" content=\"index, follow, max-snippet:-1, max-image-preview:large, max-video-preview:-1\" \/>\n<link rel=\"canonical\" href=\"https:\/\/milanta.net\/es\/producte\/muntanya-amb-reptes-motrius-vilardell\/\" \/>\n<meta property=\"og:locale\" content=\"es_ES\" \/>\n<meta property=\"og:type\" content=\"article\" \/>\n<meta property=\"og:title\" content=\"Muntanya amb reptes motrius - Vilardell\" \/>\n<meta property=\"og:description\" content=\"La Muntanya Vilardell es\u00a0compon d&#039;un t\u00f2tem envoltat de sorra, terra, troncs, tres rampes, una \u00e0gora de travesses i un pent\u00e0gon de troncs.\" \/>\n<meta property=\"og:url\" content=\"https:\/\/milanta.net\/es\/producte\/muntanya-amb-reptes-motrius-vilardell\/\" \/>\n<meta property=\"og:site_name\" content=\"Milanta\" \/>\n<meta property=\"article:publisher\" content=\"https:\/\/www.facebook.com\/MilantaCraft\/\" \/>\n<meta property=\"article:modified_time\" content=\"2025-04-22T12:09:18+00:00\" \/>\n<meta property=\"og:image\" content=\"https:\/\/milanta.net\/wp-content\/uploads\/2019\/10\/1728-MUNTANYA-VILARDELL-AMB-TERRA-TRES-RAMPES-UNA-AGORA-TOTEM-PEDRES-I-UN-PENTAGON-DE-TRONCS-scaled.jpg\" \/>\n\t<meta property=\"og:image:width\" content=\"2560\" \/>\n\t<meta property=\"og:image:height\" content=\"1709\" \/>\n\t<meta property=\"og:image:type\" content=\"image\/jpeg\" \/>\n<meta name=\"twitter:card\" content=\"summary_large_image\" \/>\n<meta name=\"twitter:label1\" content=\"Tiempo de lectura\" \/>\n\t<meta name=\"twitter:data1\" content=\"2 minutos\" \/>\n<script type=\"application\/ld+json\" class=\"yoast-schema-graph\">{\"@context\":\"https:\\\/\\\/schema.org\",\"@graph\":[{\"@type\":\"WebPage\",\"@id\":\"https:\\\/\\\/milanta.net\\\/es\\\/producte\\\/muntanya-amb-reptes-motrius-vilardell\\\/\",\"url\":\"https:\\\/\\\/milanta.net\\\/es\\\/producte\\\/muntanya-amb-reptes-motrius-vilardell\\\/\",\"name\":\"Muntanya amb reptes motrius - Vilardell - Milanta\",\"isPartOf\":{\"@id\":\"https:\\\/\\\/milanta.net\\\/es\\\/#website\"},\"primaryImageOfPage\":{\"@id\":\"https:\\\/\\\/milanta.net\\\/es\\\/producte\\\/muntanya-amb-reptes-motrius-vilardell\\\/#primaryimage\"},\"image\":{\"@id\":\"https:\\\/\\\/milanta.net\\\/es\\\/producte\\\/muntanya-amb-reptes-motrius-vilardell\\\/#primaryimage\"},\"thumbnailUrl\":\"https:\\\/\\\/milanta.net\\\/wp-content\\\/uploads\\\/2019\\\/10\\\/1728-MUNTANYA-VILARDELL-AMB-TERRA-TRES-RAMPES-UNA-AGORA-TOTEM-PEDRES-I-UN-PENTAGON-DE-TRONCS-scaled.jpg\",\"datePublished\":\"2019-10-28T04:30:22+00:00\",\"dateModified\":\"2025-04-22T12:09:18+00:00\",\"description\":\"La Muntanya Vilardell es\u00a0compon d'un t\u00f2tem envoltat de sorra, terra, troncs, tres rampes, una \u00e0gora de travesses i un pent\u00e0gon de troncs.\",\"breadcrumb\":{\"@id\":\"https:\\\/\\\/milanta.net\\\/es\\\/producte\\\/muntanya-amb-reptes-motrius-vilardell\\\/#breadcrumb\"},\"inLanguage\":\"es\",\"potentialAction\":[{\"@type\":\"ReadAction\",\"target\":[\"https:\\\/\\\/milanta.net\\\/es\\\/producte\\\/muntanya-amb-reptes-motrius-vilardell\\\/\"]}]},{\"@type\":\"ImageObject\",\"inLanguage\":\"es\",\"@id\":\"https:\\\/\\\/milanta.net\\\/es\\\/producte\\\/muntanya-amb-reptes-motrius-vilardell\\\/#primaryimage\",\"url\":\"https:\\\/\\\/milanta.net\\\/wp-content\\\/uploads\\\/2019\\\/10\\\/1728-MUNTANYA-VILARDELL-AMB-TERRA-TRES-RAMPES-UNA-AGORA-TOTEM-PEDRES-I-UN-PENTAGON-DE-TRONCS-scaled.jpg\",\"contentUrl\":\"https:\\\/\\\/milanta.net\\\/wp-content\\\/uploads\\\/2019\\\/10\\\/1728-MUNTANYA-VILARDELL-AMB-TERRA-TRES-RAMPES-UNA-AGORA-TOTEM-PEDRES-I-UN-PENTAGON-DE-TRONCS-scaled.jpg\",\"width\":2560,\"height\":1709,\"caption\":\"MUNTANYA VILARDELL AMB TERRA, TRES RAMPES, UNA \u00c0GORA, T\u00d2TEM, PEDRES I UN PENT\u00c0GON DE TRONCS\"},{\"@type\":\"BreadcrumbList\",\"@id\":\"https:\\\/\\\/milanta.net\\\/es\\\/producte\\\/muntanya-amb-reptes-motrius-vilardell\\\/#breadcrumb\",\"itemListElement\":[{\"@type\":\"ListItem\",\"position\":1,\"name\":\"Portada\",\"item\":\"https:\\\/\\\/milanta.net\\\/es\\\/\"},{\"@type\":\"ListItem\",\"position\":2,\"name\":\"Cat\u00e1logo\",\"item\":\"https:\\\/\\\/milanta.net\\\/es\\\/catalogo\\\/\"},{\"@type\":\"ListItem\",\"position\":3,\"name\":\"Muntanya amb reptes motrius &#8211; Vilardell\"}]},{\"@type\":\"WebSite\",\"@id\":\"https:\\\/\\\/milanta.net\\\/es\\\/#website\",\"url\":\"https:\\\/\\\/milanta.net\\\/es\\\/\",\"name\":\"Milanta Patis Vius\",\"description\":\"ESPACIOS NATURALES Y CREATIVOS PARA LA EDUCACI\u00d3N\",\"publisher\":{\"@id\":\"https:\\\/\\\/milanta.net\\\/es\\\/#organization\"},\"alternateName\":\"Milanta - Patis Vius\",\"potentialAction\":[{\"@type\":\"SearchAction\",\"target\":{\"@type\":\"EntryPoint\",\"urlTemplate\":\"https:\\\/\\\/milanta.net\\\/es\\\/?s={search_term_string}\"},\"query-input\":{\"@type\":\"PropertyValueSpecification\",\"valueRequired\":true,\"valueName\":\"search_term_string\"}}],\"inLanguage\":\"es\"},{\"@type\":\"Organization\",\"@id\":\"https:\\\/\\\/milanta.net\\\/es\\\/#organization\",\"name\":\"Milanta\",\"url\":\"https:\\\/\\\/milanta.net\\\/es\\\/\",\"logo\":{\"@type\":\"ImageObject\",\"inLanguage\":\"es\",\"@id\":\"https:\\\/\\\/milanta.net\\\/es\\\/#\\\/schema\\\/logo\\\/image\\\/\",\"url\":\"https:\\\/\\\/milanta.net\\\/wp-content\\\/uploads\\\/2023\\\/04\\\/Logo-Milanta-color.svg\",\"contentUrl\":\"https:\\\/\\\/milanta.net\\\/wp-content\\\/uploads\\\/2023\\\/04\\\/Logo-Milanta-color.svg\",\"caption\":\"Milanta\"},\"image\":{\"@id\":\"https:\\\/\\\/milanta.net\\\/es\\\/#\\\/schema\\\/logo\\\/image\\\/\"},\"sameAs\":[\"https:\\\/\\\/www.facebook.com\\\/MilantaCraft\\\/\",\"https:\\\/\\\/www.instagram.com\\\/milanta_patis\\\/\"]}]}<\/script>\n<!-- \/ Yoast SEO Premium plugin. -->","yoast_head_json":{"title":"Muntanya amb reptes motrius - Vilardell - Milanta","description":"La Muntanya Vilardell es\u00a0compon d'un t\u00f2tem envoltat de sorra, terra, troncs, tres rampes, una \u00e0gora de travesses i un pent\u00e0gon de troncs.","robots":{"index":"index","follow":"follow","max-snippet":"max-snippet:-1","max-image-preview":"max-image-preview:large","max-video-preview":"max-video-preview:-1"},"canonical":"https:\/\/milanta.net\/es\/producte\/muntanya-amb-reptes-motrius-vilardell\/","og_locale":"es_ES","og_type":"article","og_title":"Muntanya amb reptes motrius - Vilardell","og_description":"La Muntanya Vilardell es\u00a0compon d'un t\u00f2tem envoltat de sorra, terra, troncs, tres rampes, una \u00e0gora de travesses i un pent\u00e0gon de troncs.","og_url":"https:\/\/milanta.net\/es\/producte\/muntanya-amb-reptes-motrius-vilardell\/","og_site_name":"Milanta","article_publisher":"https:\/\/www.facebook.com\/MilantaCraft\/","article_modified_time":"2025-04-22T12:09:18+00:00","og_image":[{"width":2560,"height":1709,"url":"https:\/\/milanta.net\/wp-content\/uploads\/2019\/10\/1728-MUNTANYA-VILARDELL-AMB-TERRA-TRES-RAMPES-UNA-AGORA-TOTEM-PEDRES-I-UN-PENTAGON-DE-TRONCS-scaled.jpg","type":"image\/jpeg"}],"twitter_card":"summary_large_image","twitter_misc":{"Tiempo de lectura":"2 minutos"},"schema":{"@context":"https:\/\/schema.org","@graph":[{"@type":"WebPage","@id":"https:\/\/milanta.net\/es\/producte\/muntanya-amb-reptes-motrius-vilardell\/","url":"https:\/\/milanta.net\/es\/producte\/muntanya-amb-reptes-motrius-vilardell\/","name":"Muntanya amb reptes motrius - Vilardell - Milanta","isPartOf":{"@id":"https:\/\/milanta.net\/es\/#website"},"primaryImageOfPage":{"@id":"https:\/\/milanta.net\/es\/producte\/muntanya-amb-reptes-motrius-vilardell\/#primaryimage"},"image":{"@id":"https:\/\/milanta.net\/es\/producte\/muntanya-amb-reptes-motrius-vilardell\/#primaryimage"},"thumbnailUrl":"https:\/\/milanta.net\/wp-content\/uploads\/2019\/10\/1728-MUNTANYA-VILARDELL-AMB-TERRA-TRES-RAMPES-UNA-AGORA-TOTEM-PEDRES-I-UN-PENTAGON-DE-TRONCS-scaled.jpg","datePublished":"2019-10-28T04:30:22+00:00","dateModified":"2025-04-22T12:09:18+00:00","description":"La Muntanya Vilardell es\u00a0compon d'un t\u00f2tem envoltat de sorra, terra, troncs, tres rampes, una \u00e0gora de travesses i un pent\u00e0gon de troncs.","breadcrumb":{"@id":"https:\/\/milanta.net\/es\/producte\/muntanya-amb-reptes-motrius-vilardell\/#breadcrumb"},"inLanguage":"es","potentialAction":[{"@type":"ReadAction","target":["https:\/\/milanta.net\/es\/producte\/muntanya-amb-reptes-motrius-vilardell\/"]}]},{"@type":"ImageObject","inLanguage":"es","@id":"https:\/\/milanta.net\/es\/producte\/muntanya-amb-reptes-motrius-vilardell\/#primaryimage","url":"https:\/\/milanta.net\/wp-content\/uploads\/2019\/10\/1728-MUNTANYA-VILARDELL-AMB-TERRA-TRES-RAMPES-UNA-AGORA-TOTEM-PEDRES-I-UN-PENTAGON-DE-TRONCS-scaled.jpg","contentUrl":"https:\/\/milanta.net\/wp-content\/uploads\/2019\/10\/1728-MUNTANYA-VILARDELL-AMB-TERRA-TRES-RAMPES-UNA-AGORA-TOTEM-PEDRES-I-UN-PENTAGON-DE-TRONCS-scaled.jpg","width":2560,"height":1709,"caption":"MUNTANYA VILARDELL AMB TERRA, TRES RAMPES, UNA \u00c0GORA, T\u00d2TEM, PEDRES I UN PENT\u00c0GON DE TRONCS"},{"@type":"BreadcrumbList","@id":"https:\/\/milanta.net\/es\/producte\/muntanya-amb-reptes-motrius-vilardell\/#breadcrumb","itemListElement":[{"@type":"ListItem","position":1,"name":"Portada","item":"https:\/\/milanta.net\/es\/"},{"@type":"ListItem","position":2,"name":"Cat\u00e1logo","item":"https:\/\/milanta.net\/es\/catalogo\/"},{"@type":"ListItem","position":3,"name":"Muntanya amb reptes motrius &#8211; Vilardell"}]},{"@type":"WebSite","@id":"https:\/\/milanta.net\/es\/#website","url":"https:\/\/milanta.net\/es\/","name":"Milanta Patis Vius","description":"ESPACIOS NATURALES Y CREATIVOS PARA LA EDUCACI\u00d3N","publisher":{"@id":"https:\/\/milanta.net\/es\/#organization"},"alternateName":"Milanta - Patis Vius","potentialAction":[{"@type":"SearchAction","target":{"@type":"EntryPoint","urlTemplate":"https:\/\/milanta.net\/es\/?s={search_term_string}"},"query-input":{"@type":"PropertyValueSpecification","valueRequired":true,"valueName":"search_term_string"}}],"inLanguage":"es"},{"@type":"Organization","@id":"https:\/\/milanta.net\/es\/#organization","name":"Milanta","url":"https:\/\/milanta.net\/es\/","logo":{"@type":"ImageObject","inLanguage":"es","@id":"https:\/\/milanta.net\/es\/#\/schema\/logo\/image\/","url":"https:\/\/milanta.net\/wp-content\/uploads\/2023\/04\/Logo-Milanta-color.svg","contentUrl":"https:\/\/milanta.net\/wp-content\/uploads\/2023\/04\/Logo-Milanta-color.svg","caption":"Milanta"},"image":{"@id":"https:\/\/milanta.net\/es\/#\/schema\/logo\/image\/"},"sameAs":["https:\/\/www.facebook.com\/MilantaCraft\/","https:\/\/www.instagram.com\/milanta_patis\/"]}]}},"_links":{"self":[{"href":"https:\/\/milanta.net\/es\/wp-json\/wp\/v2\/product\/3434","targetHints":{"allow":["GET"]}}],"collection":[{"href":"https:\/\/milanta.net\/es\/wp-json\/wp\/v2\/product"}],"about":[{"href":"https:\/\/milanta.net\/es\/wp-json\/wp\/v2\/types\/product"}],"version-history":[{"count":0,"href":"https:\/\/milanta.net\/es\/wp-json\/wp\/v2\/product\/3434\/revisions"}],"wp:featuredmedia":[{"embeddable":true,"href":"https:\/\/milanta.net\/es\/wp-json\/wp\/v2\/media\/3429"}],"wp:attachment":[{"href":"https:\/\/milanta.net\/es\/wp-json\/wp\/v2\/media?parent=3434"}],"wp:term":[{"taxonomy":"product_brand","embeddable":true,"href":"https:\/\/milanta.net\/es\/wp-json\/wp\/v2\/product_brand?post=3434"},{"taxonomy":"product_cat","embeddable":true,"href":"https:\/\/milanta.net\/es\/wp-json\/wp\/v2\/product_cat?post=3434"},{"taxonomy":"product_tag","embeddable":true,"href":"https:\/\/milanta.net\/es\/wp-json\/wp\/v2\/product_tag?post=3434"},{"taxonomy":"ubicacion-del-mobiliario","embeddable":true,"href":"https:\/\/milanta.net\/es\/wp-json\/wp\/v2\/ubicacion-del-mobiliario?post=3434"}],"curies":[{"name":"wp","href":"https:\/\/api.w.org\/{rel}","templated":true}]}}